{"id":3762,"date":"2025-06-18T09:38:12","date_gmt":"2025-06-18T09:38:12","guid":{"rendered":"httpss:\/\/www.richallmed.com\/?page_id=3762"},"modified":"2025-06-18T09:49:49","modified_gmt":"2025-06-18T09:49:49","slug":"privacy-policy","status":"publish","type":"page","link":"https:\/\/www.richallmed.com\/pl\/privacy-policy\/","title":{"rendered":"Polityka prywatno\u015bci"},"content":{"rendered":"<div class=\"path_bar\" id=\"profile\">\n        <div class=\"layout\" style=\"margin:0 auto\">\n            <ul>\n                <li><a href=\"\/\">Strona g\u0142\u00f3wna<\/a><\/li>\n                <!--\u9762\u5305\u5c51-->\n               <li><a href=\"\">Polityka prywatno\u015bci<\/a><\/li>\n            <\/ul>\n        <\/div>\n    <\/div>\n\n\n\n<h1 class=\"wp-block-heading has-text-align-center sh\" style=\"font-size:30px\">Polityka prywatno\u015bci<\/h1>\n\n\n\n<p class=\"layout\">Niniejsza Polityka prywatno\u015bci wyja\u015bnia, w jaki spos\u00f3b \"my\" gromadzimy, wykorzystujemy, udost\u0119pniamy i przetwarzamy informacje o u\u017cytkowniku, a tak\u017ce jakie prawa i mo\u017cliwo\u015bci wyboru przys\u0142uguj\u0105 u\u017cytkownikowi w zwi\u0105zku z tymi informacjami. Niniejsza polityka prywatno\u015bci ma zastosowanie do wszystkich danych osobowych zebranych podczas jakiejkolwiek komunikacji pisemnej, elektronicznej i ustnej lub danych osobowych zebranych online lub offline, w tym: naszej strony internetowej i wszelkich innych wiadomo\u015bci e-mail.<\/p>\n\n\n\n<p class=\"layout\">Przed uzyskaniem dost\u0119pu do naszych Us\u0142ug lub korzystaniem z nich nale\u017cy zapozna\u0107 si\u0119 z naszymi Warunkami i niniejsz\u0105 Polityk\u0105. Je\u015bli nie mo\u017cesz zgodzi\u0107 si\u0119 z niniejsz\u0105 Polityk\u0105 lub Regulaminem, nie uzyskuj dost\u0119pu do naszych Us\u0142ug ani nie korzystaj z nich. Je\u015bli znajdujesz si\u0119 w jurysdykcji poza Europejskim Obszarem Gospodarczym, kupuj\u0105c nasze produkty lub korzystaj\u0105c z naszych us\u0142ug, akceptujesz warunki i nasze praktyki dotycz\u0105ce prywatno\u015bci opisane w niniejszej polityce.<\/p>\n\n\n\n<p class=\"layout\">Mo\u017cemy zmodyfikowa\u0107 niniejsz\u0105 Polityk\u0119 w dowolnym momencie, bez wcze\u015bniejszego powiadomienia, a zmiany mog\u0105 mie\u0107 zastosowanie do wszelkich Danych osobowych, kt\u00f3re ju\u017c posiadamy na temat u\u017cytkownika, a tak\u017ce do wszelkich nowych Danych osobowych zebranych po modyfikacji Polityki. Je\u015bli wprowadzimy zmiany, powiadomimy o tym u\u017cytkownika, zmieniaj\u0105c dat\u0119 w g\u00f3rnej cz\u0119\u015bci niniejszych Zasad. Powiadomimy u\u017cytkownika z wyprzedzeniem, je\u015bli wprowadzimy jakiekolwiek istotne zmiany w sposobie gromadzenia, wykorzystywania lub ujawniania Danych osobowych u\u017cytkownika, kt\u00f3re maj\u0105 wp\u0142yw na jego prawa wynikaj\u0105ce z niniejszych Zasad. Je\u015bli u\u017cytkownik znajduje si\u0119 w jurysdykcji innej ni\u017c Europejski Obszar Gospodarczy, Wielka Brytania lub Szwajcaria (\u0142\u0105cznie \"kraje europejskie\"), dalszy dost\u0119p lub korzystanie z naszych Us\u0142ug po otrzymaniu powiadomienia o zmianach stanowi potwierdzenie akceptacji zaktualizowanej Polityki.<\/p>\n\n\n\n<p class=\"layout\">Ponadto mo\u017cemy przekazywa\u0107 u\u017cytkownikowi informacje ujawniane w czasie rzeczywistym lub dodatkowe informacje na temat praktyk przetwarzania Danych osobowych w okre\u015blonych cz\u0119\u015bciach naszych Us\u0142ug. Takie powiadomienia mog\u0105 uzupe\u0142nia\u0107 niniejsz\u0105 Polityk\u0119 lub zapewnia\u0107 u\u017cytkownikowi dodatkowe mo\u017cliwo\u015bci wyboru sposobu przetwarzania przez nas jego Danych osobowych.<\/p>\n\n\n\n<p class=\"layout\"><strong>Gromadzone przez nas dane osobowe<\/strong><\/p>\n\n\n\n<p class=\"layout lt\">Gromadzimy dane osobowe, gdy u\u017cytkownik korzysta z naszych Us\u0142ug, przesy\u0142a dane osobowe, gdy jest o to proszony za po\u015brednictwem Witryny. Dane osobowe to og\u00f3lnie wszelkie informacje, kt\u00f3re odnosz\u0105 si\u0119 do u\u017cytkownika, identyfikuj\u0105 go osobi\u015bcie lub mog\u0105 by\u0107 wykorzystane do jego identyfikacji, takie jak imi\u0119 i nazwisko, adres e-mail, numer telefonu i adres. Definicja danych osobowych r\u00f3\u017cni si\u0119 w zale\u017cno\u015bci od jurysdykcji. Zgodnie z niniejszymi Zasadami ochrony prywatno\u015bci u\u017cytkownika obowi\u0105zuje wy\u0142\u0105cznie definicja, kt\u00f3ra ma zastosowanie do u\u017cytkownika w oparciu o jego lokalizacj\u0119. Dane osobowe nie obejmuj\u0105 danych, kt\u00f3re zosta\u0142y nieodwracalnie zanonimizowane lub zagregowane w taki spos\u00f3b, \u017ce nie mog\u0105 ju\u017c umo\u017cliwi\u0107 nam, w po\u0142\u0105czeniu z innymi informacjami lub w inny spos\u00f3b, identyfikacji u\u017cytkownika.<\/p>\n\n\n\n<p class=\"layout\"><strong>Rodzaje danych osobowych, kt\u00f3re mo\u017cemy gromadzi\u0107 na temat u\u017cytkownika, obejmuj\u0105:<\/strong><\/p>\n\n\n\n<p class=\"layout lt\">Informacje przekazywane nam bezpo\u015brednio i dobrowolnie przez u\u017cytkownika w celu realizacji umowy zakupu lub umowy o \u015bwiadczenie us\u0142ug. Gromadzimy dane osobowe przekazane nam przez u\u017cytkownika podczas korzystania z naszych Us\u0142ug. Na przyk\u0142ad, je\u015bli u\u017cytkownik odwiedza nasz\u0105 Witryn\u0119 i sk\u0142ada zam\u00f3wienie, gromadzimy informacje, kt\u00f3re u\u017cytkownik przekazuje nam podczas procesu sk\u0142adania zam\u00f3wienia. Informacje te obejmuj\u0105 nazwisko, adres pocztowy, adres e-mail, numer telefonu, produkty, kt\u00f3rymi u\u017cytkownik jest zainteresowany, Whatsapp, firm\u0119, kraj. Mo\u017cemy r\u00f3wnie\u017c gromadzi\u0107 dane osobowe, gdy u\u017cytkownik komunikuje si\u0119 z kt\u00f3rymkolwiek z naszych dzia\u0142\u00f3w, takich jak dzia\u0142 obs\u0142ugi klienta, lub gdy wype\u0142nia formularze online lub ankiety udost\u0119pniane w Witrynie. U\u017cytkownik mo\u017ce r\u00f3wnie\u017c zdecydowa\u0107 si\u0119 na podanie nam swojego adresu e-mail, je\u015bli chce otrzymywa\u0107 informacje o oferowanych przez nas produktach i us\u0142ugach.<\/p>\n\n\n\n<p class=\"layout\"><strong>Jak uzyska\u0107 moj\u0105 zgod\u0119?<\/strong><\/p>\n\n\n\n<p class=\"layout\">Przekazuj\u0105c nam swoje dane osobowe w celu sfinalizowania transakcji, weryfikacji karty kredytowej, z\u0142o\u017cenia zam\u00f3wienia, zaplanowania dostawy lub zwrotu zakupu, zak\u0142adamy, \u017ce u\u017cytkownik wyra\u017ca zgod\u0119 na gromadzenie przez nas jego danych i wykorzystywanie ich wy\u0142\u0105cznie w tym celu.<\/p>\n\n\n\n<p class=\"layout lt\">Je\u015bli poprosimy u\u017cytkownika o podanie nam jego danych osobowych z innego powodu, na przyk\u0142ad w celach marketingowych, poprosimy go bezpo\u015brednio o wyra\u017an\u0105 zgod\u0119 lub damy mu mo\u017cliwo\u015b\u0107 odmowy.<\/p>\n\n\n\n<p class=\"layout\"><strong>Jak mog\u0119 wycofa\u0107 swoj\u0105 zgod\u0119?<\/strong><\/p>\n\n\n\n<p class=\"layout lt\">Je\u015bli po wyra\u017ceniu zgody u\u017cytkownik zmieni zdanie i nie b\u0119dzie ju\u017c wyra\u017ca\u0142 zgody na kontaktowanie si\u0119 z nim, gromadzenie jego danych lub ich ujawnianie, mo\u017ce nas o tym powiadomi\u0107, kontaktuj\u0105c si\u0119 z nami.<\/p>\n\n\n\n<p class=\"layout\"><strong>Us\u0142ugi \u015bwiadczone przez strony trzecie<\/strong><\/p>\n\n\n\n<p class=\"layout\">Og\u00f3lnie rzecz bior\u0105c, dostawcy zewn\u0119trzni, z kt\u00f3rych us\u0142ug korzystamy, b\u0119d\u0105 gromadzi\u0107, wykorzystywa\u0107 i ujawnia\u0107 dane u\u017cytkownika wy\u0142\u0105cznie w zakresie niezb\u0119dnym do \u015bwiadczenia us\u0142ug, kt\u00f3re nam \u015bwiadcz\u0105.<\/p>\n\n\n\n<p class=\"layout\">Jednak niekt\u00f3rzy zewn\u0119trzni dostawcy us\u0142ug, tacy jak bramki p\u0142atnicze i inne podmioty przetwarzaj\u0105ce transakcje p\u0142atnicze, maj\u0105 w\u0142asne polityki prywatno\u015bci dotycz\u0105ce informacji, kt\u00f3re jeste\u015bmy zobowi\u0105zani im przekaza\u0107 w zwi\u0105zku z transakcjami zakupu.<\/p>\n\n\n\n<p class=\"layout lt\">W odniesieniu do tych dostawc\u00f3w zalecamy uwa\u017cne zapoznanie si\u0119 z ich polityk\u0105 prywatno\u015bci, aby zrozumie\u0107, w jaki spos\u00f3b b\u0119d\u0105 traktowa\u0107 dane osobowe u\u017cytkownika.<br>Nale\u017cy pami\u0119ta\u0107, \u017ce niekt\u00f3rzy dostawcy mog\u0105 by\u0107 zlokalizowani lub posiada\u0107 obiekty zlokalizowane w jurysdykcji innej ni\u017c nasza lub u\u017cytkownika. Je\u015bli wi\u0119c u\u017cytkownik zdecyduje si\u0119 przyst\u0105pi\u0107 do transakcji, kt\u00f3ra wymaga us\u0142ug zewn\u0119trznego dostawcy, w\u00f3wczas jego dane mog\u0105 podlega\u0107 prawu jurysdykcji, w kt\u00f3rej znajduje si\u0119 ten dostawca, lub prawu jurysdykcji, w kt\u00f3rej znajduj\u0105 si\u0119 jego obiekty.<\/p>\n\n\n\n<p class=\"layout\"><strong>Bezpiecze\u0144stwo<\/strong><\/p>\n\n\n\n<p class=\"layout lt\">Aby chroni\u0107 dane osobowe u\u017cytkownik\u00f3w, podejmujemy uzasadnione \u015brodki ostro\u017cno\u015bci i stosujemy najlepsze praktyki bran\u017cowe w celu zapewnienia, \u017ce nie zostan\u0105 one utracone, niew\u0142a\u015bciwie wykorzystane, udost\u0119pnione, ujawnione, zmienione lub zniszczone w nieodpowiedni spos\u00f3b.<\/p>\n\n\n\n<p class=\"layout\"><strong>Wiek przyzwolenia<\/strong><\/p>\n\n\n\n<p class=\"layout lt\">Korzystaj\u0105c z tej witryny, u\u017cytkownik o\u015bwiadcza, \u017ce jest co najmniej pe\u0142noletni w swoim stanie lub prowincji zamieszkania oraz \u017ce wyrazi\u0142 zgod\u0119 na korzystanie z tej witryny przez osoby niepe\u0142noletnie pozostaj\u0105ce pod jego opiek\u0105.<\/p>\n\n\n\n<p class=\"layout\"><strong>Zmiany w niniejszej polityce prywatno\u015bci<\/strong><\/p>\n\n\n\n<p class=\"layout\">Zastrzegamy sobie prawo do zmiany niniejszej Polityki prywatno\u015bci w dowolnym momencie, dlatego prosimy o jej cz\u0119ste przegl\u0105danie. Zmiany i wyja\u015bnienia wejd\u0105 w \u017cycie natychmiast po ich opublikowaniu na stronie internetowej. Je\u015bli wprowadzimy jakiekolwiek zmiany w tre\u015bci niniejszej polityki, powiadomimy Ci\u0119 tutaj, \u017ce zosta\u0142a ona zaktualizowana, aby\u015b wiedzia\u0142, jakie informacje zbieramy, w jaki spos\u00f3b je wykorzystujemy i w jakich okoliczno\u015bciach je ujawniamy. Poinformujemy, \u017ce mamy ku temu pow\u00f3d.<\/p>\n\n\n\n<p class=\"layout lt\">Je\u015bli nasz sklep zostanie przej\u0119ty lub po\u0142\u0105czony z inn\u0105 sp\u00f3\u0142k\u0105, dane u\u017cytkownika mog\u0105 zosta\u0107 przekazane nowym w\u0142a\u015bcicielom, aby\u015bmy mogli kontynuowa\u0107 sprzeda\u017c produkt\u00f3w u\u017cytkownikowi.<\/p>\n\n\n\n<p class=\"layout\"><strong>Pytania i informacje kontaktowe<\/strong><\/p>\n\n\n\n<p style=\"padding-bottom:50px\" class=\"layout\">Je\u015bli chcesz: uzyska\u0107 dost\u0119p, poprawi\u0107, zmieni\u0107 lub usun\u0105\u0107 wszelkie dane osobowe, kt\u00f3re posiadamy na Tw\u00f3j temat, z\u0142o\u017cy\u0107 skarg\u0119 lub po prostu uzyska\u0107 wi\u0119cej informacji, skontaktuj si\u0119 z nami, wysy\u0142aj\u0105c wiadomo\u015b\u0107 e-mail na dole strony.<\/p>\n\n\n\n<style>\np{\npadding-bottom:30px;\n\n}\n.lt{\nborder-bottom:1px solid #cbcbcb;\n    margin-bottom: 30px;\n}\n#outerContainer_1703183975021 {\n    background: url(\/wp-content\/uploads\/2025\/06\/bianzu-7beifen-5.webp) no-repeat scroll center center;\n    background-size: cover;\n    height:12vw;\n    border-left: 0 solid #000;\n    border-right: 0 solid #000;\n    border-top: 0 solid #000;\n    border-bottom: 0 solid #000;\n    border-top-right-radius: 0;\n    border-top-left-radius: 0;\n    border-bottom-right-radius: 0;\n    border-bottom-left-radius: 0;\n    margin-top: 0;\n    margin-bottom: 0;\n    padding-top: 0;\n    padding-bottom: 0;\n    box-shadow: 0;\n}\n.mg{\npadding:30px 0\n}\n\nli{\nline-height:1.8em\n}\n.sh{\nmargin:30px auto 40px;\n}\n.th{\nmargin:40px 0 35px;\nfont-size: 30px;\n\n}\n.bt{\nmargin-bottom:30px\n}\n.border-img img{\nborder-radius:20px\n\n}\n\n.ab-img{\n background-image: linear-gradient(180deg,rgba(0,0,0,0.7) 0%,rgba(0,0,0,0.7) 100%),url(\/wp-content\/uploads\/2025\/06\/Taile-Heat-Press-Machine-Factory.webp);\n    padding: 7%;\n    background-position: center;\nbackground-size:cover;\n    text-align: center;\n}\n.ab-des p{\nfont-size:20px\n}\n.icon-body ul li img{\n\nwidth:90px!important\n\n}\n.ab-body3{\n background-image: linear-gradient(180deg,rgba(0,0,0,0.75) 0%,rgba(0,0,0,0.75) 100%),url(\/wp-content\/uploads\/2025\/06\/Taile-Heat-Press-Machine-Factory-2.webp)!important;\n    padding: 5% 0%;\n    background-position: center;\nbackground-size:cover;\n    text-align: center;\nmargin:55px 0\n}\nh3{\ncolor:#000;\nfont-size:24px;\nmargin:30px auto 20px\n}\n.ab-body5{\n background-image: linear-gradient(180deg,rgba(0,0,0,0.7) 0%,rgba(0,0,0,0.7) 100%),url(\/wp-content\/uploads\/2025\/03\/hygts.webp)!important;\n    padding: 5% 0%;\n    background-position: center;\nbackground-size:cover;\n    text-align: center;\n}\n.ab-body{\npadding:35px 0 0;\nmargin:0 0 50px 0\n}\n.ab-des h2{\ntext-align:center;\ncolor:#fff;\nfont-size:32px;\n    margin-bottom: 30px;\n\n}\n.ab-des p{\ntext-align:center;\ncolor:#fff;\nline-height:1.8em\n}\n\n.ab-btn{\n    font-size: 16px;\n    line-height: 18px;\n    padding: 14px 28px;\n    border-radius: 0px;\n    -moz-border-radius: 0px;\n    -webkit-border-radius: 0px;\n    background: #76cccc;\n    border: 1px solid #76cccc;\n    color:#fff;\n    margin-top: 30px;\n      text-transform: uppercase;\nborder-radius:5px\n\n}\n.ab-btn:hover{\ncolor:#76cccc;\nbackground:#fff;\ncursor:pointer\n\n\n}\n\n\n.ab-body2{\n   \n\n}\n.icon-body ul{\ndisplay:flex;\njustify-content:space-between;\n    flex-flow: row wrap;\n}\n.icon-body ul li{\ntext-align:center;\nbackground:#fff;\npadding: 20px;\nwidth:24.5%;\n   \n\n}\n\n\n.companyImg li{\n\npadding:0!important\n\n}\n.companyImg li img{\nwidth:100%!important\n\n\n}\n.icon-body{\n background-color: rgba(0,0,0, 0.05);\n    padding: 50px 30px 30px;\n}\n\n\n.tt-list{\ndisplay:flex;\nalign-items:center;\nmargin-bottom:20px\n\n\n}\n.ab-body3 ul li{\nmargin-bottom:25px\n\n}\n.tt-list img{\nmargin-right:10px\n}\n\n..ab-img{\n background-image: linear-gradient(180deg,rgba(0,0,0,0.5) 0%,rgba(0,0,0,0.5) 100%),url(\/wp-content\/uploads\/2025\/02\/factory-3.webp)!important;\n    padding: 20% 10%;\n    background-position: center;\nbackground-size:cover;\n    text-align: center;\n}\n.ab-body{\npadding:35px 0 0\n}\n.ab-des h2{\ntext-align:center;\ncolor:#fff;\nfont-size:32px;\n    margin-bottom: 30px;\n\n}\n\n\n\n\n.ab-body2{\n   \n\n}\n.icon-body ul{\ndisplay:flex;\njustify-content:space-between\n}\n.icon-body ul li{\ntext-align:center;\nbackground:#fff;\npadding: 20px;\nwidth:49%;\n margin-bottom: 2%;\n\n}\n\n.icon-body{\n background-color: rgba(0,0,0, 0.05);\n    padding: 50px 30px 30px;\n}\n\n\n.tt-list{\ndisplay:flex;\nalign-items:center;\nmargin-bottom:20px\n\n}\n.ab-body3 ul li{\nmargin-bottom:25px\n\n}\n.tt-list img{\nmargin-right:10px\n}\n..ab-img{\n background-image: linear-gradient(180deg,rgba(0,0,0,0.5) 0%,rgba(0,0,0,0.5) 100%),url(\/wp-content\/uploads\/2025\/02\/factory-3.webp)!important;\n    padding: 20% 10%;\n    background-position: center;\nbackground-size:cover;\n    text-align: center;\n}\n.ab-body{\npadding:35px 0 0\n}\n.ab-des h2{\ntext-align:center;\ncolor:#fff;\nfont-size:32px;\n    margin-bottom: 30px;\n\n}\n\n\n.ab-body2{\n   \n\n}\n.icon-body ul{\ndisplay:flex;\njustify-content:space-between\n}\n\n\n.icon-body{\n background-color: rgba(0,0,0, 0.05);\n    padding: 50px 30px 30px;\n}\n.icon-body li p span{\n\nfont-size:15px!important\n}\n.icon-body li p {\ntext-align:left;\n\n}\n\n.tt-list{\ndisplay:flex;\nalign-items:center;\nmargin-bottom:20px\n\n}\n.ab-body3 ul li{\nmargin-bottom:25px\n\n}\n.tt-list img{\nmargin-right:10px\n}\n\n.ab-body4{\npadding-bottom:45px\n}\n@media screen and (max-width:981px){\n\n.icon-body ul{\nflex-flow:row wrap\n}\n.icon-body ul li{\nwidth:100%}\n\n}\n\n.companyImg{\ndisplay:inherit!important\n}\n.ab-body2 .companyImg li img{\nwidth:100%!important;\n}\n.ab-body2 .companyImg li{\nwidth:100%!important;\npadding:0!important;\nmargin-bottom:20px\n\n}\n\n.countryList li{\nline-height:2em\n\n}\n\n\n<\/style>\n\n\n\n<style>\n@media screen and (max-width:781px){\n body article .af .wp-block-column{\nflex-basis:45%!important;\nwidth:45%!important\n\n}\n#outerContainer_1703183975021{\nheight:20vw!important\n}\n}\n\n<\/style>","protected":false},"excerpt":{"rendered":"<p>Home Privacy Policy Privacy Policy This Privacy Policy explains how &#8220;we&#8221; collect, use, share and process your information as well as the rights and choices you have associated with that information. This privacy policy applies to all personal information collected during any written, electronic and oral communication, or personal information collected online or offline, including: [&hellip;]<\/p>","protected":false},"author":1,"featured_media":0,"parent":0,"menu_order":0,"comment_status":"closed","ping_status":"closed","template":"","meta":{"footnotes":""},"class_list":["post-3762","page","type-page","status-publish","hentry"],"yoast_head":"<!-- This site is optimized with the Yoast SEO plugin v24.4 - https:\/\/yoast.com\/wordpress\/plugins\/seo\/ -->\n<title>Best Electric Wheelchairs Products | Foldable &amp; Power Wheelchair Supplier<\/title>\n<meta name=\"description\" content=\"Explore high-quality wheelchair products including the best electric wheelchair, lightweight foldable models, and rollator drive walkers. Competitive electric wheelchair prices and reliable direct supply. Contact us for the latest electric wheel chair for sale!\" \/>\n<meta name=\"robots\" content=\"index, follow, max-snippet:-1, max-image-preview:large, max-video-preview:-1\" \/>\n<link rel=\"canonical\" href=\"\" \/>\n<meta property=\"og:locale\" content=\"pl_PL\" \/>\n<meta property=\"og:type\" content=\"article\" \/>\n<meta property=\"og:title\" content=\"Best Electric Wheelchairs Products | Foldable &amp; Power Wheelchair Supplier\" \/>\n<meta property=\"og:description\" content=\"Explore high-quality wheelchair products including the best electric wheelchair, lightweight foldable models, and rollator drive walkers. Competitive electric wheelchair prices and reliable direct supply. Contact us for the latest electric wheel chair for sale!\" \/>\n<meta property=\"og:url\" content=\"httpss:\/\/www.richallmed.com\/privacy-policy\/\" \/>\n<meta property=\"og:site_name\" content=\"Carbon Fiber Electric Wheelchair\" \/>\n<meta property=\"article:modified_time\" content=\"2025-06-18T09:49:49+00:00\" \/>\n<meta name=\"twitter:card\" content=\"summary_large_image\" \/>\n<meta name=\"twitter:label1\" content=\"Est. reading time\" \/>\n\t<meta name=\"twitter:data1\" content=\"5 minut\" \/>\n<script type=\"application\/ld+json\" class=\"yoast-schema-graph\">{\"@context\":\"https:\/\/schema.org\",\"@graph\":[{\"@type\":\"WebPage\",\"@id\":\"httpss:\/\/www.richallmed.com\/privacy-policy\/\",\"url\":\"httpss:\/\/www.richallmed.com\/privacy-policy\/\",\"name\":\"Best Electric Wheelchairs Products | Foldable & Power Wheelchair Supplier\",\"isPartOf\":{\"@id\":\"https:\/\/www.richallmed.com\/#website\"},\"datePublished\":\"2025-06-18T09:38:12+00:00\",\"dateModified\":\"2025-06-18T09:49:49+00:00\",\"description\":\"Explore high-quality wheelchair products including the best electric wheelchair, lightweight foldable models, and rollator drive walkers. Competitive electric wheelchair prices and reliable direct supply. Contact us for the latest electric wheel chair for sale!\",\"breadcrumb\":{\"@id\":\"httpss:\/\/www.richallmed.com\/privacy-policy\/#breadcrumb\"},\"inLanguage\":\"pl-PL\",\"potentialAction\":[{\"@type\":\"ReadAction\",\"target\":[\"httpss:\/\/www.richallmed.com\/privacy-policy\/\"]}]},{\"@type\":\"BreadcrumbList\",\"@id\":\"httpss:\/\/www.richallmed.com\/privacy-policy\/#breadcrumb\",\"itemListElement\":[{\"@type\":\"ListItem\",\"position\":1,\"name\":\"Home\",\"item\":\"https:\/\/www.richallmed.com\/\"},{\"@type\":\"ListItem\",\"position\":2,\"name\":\"Privacy Policy\"}]},{\"@type\":\"WebSite\",\"@id\":\"https:\/\/www.richallmed.com\/#website\",\"url\":\"https:\/\/www.richallmed.com\/\",\"name\":\"Carbon Fiber Electric Wheelchair\",\"description\":\"Carbon Fiber Electric Wheelchair\",\"publisher\":{\"@id\":\"https:\/\/www.richallmed.com\/#organization\"},\"potentialAction\":[{\"@type\":\"SearchAction\",\"target\":{\"@type\":\"EntryPoint\",\"urlTemplate\":\"https:\/\/www.richallmed.com\/?s={search_term_string}\"},\"query-input\":{\"@type\":\"PropertyValueSpecification\",\"valueRequired\":true,\"valueName\":\"search_term_string\"}}],\"inLanguage\":\"pl-PL\"},{\"@type\":\"Organization\",\"@id\":\"https:\/\/www.richallmed.com\/#organization\",\"name\":\"Carbon Fiber Electric Wheelchair\",\"url\":\"https:\/\/www.richallmed.com\/\",\"logo\":{\"@type\":\"ImageObject\",\"inLanguage\":\"pl-PL\",\"@id\":\"https:\/\/www.richallmed.com\/#\/schema\/logo\/image\/\",\"url\":\"https:\/\/www.richallmed.com\/wp-content\/uploads\/2025\/06\/cropped-logo.webp\",\"contentUrl\":\"https:\/\/www.richallmed.com\/wp-content\/uploads\/2025\/06\/cropped-logo.webp\",\"width\":535,\"height\":74,\"caption\":\"Carbon Fiber Electric Wheelchair\"},\"image\":{\"@id\":\"https:\/\/www.richallmed.com\/#\/schema\/logo\/image\/\"}}]}<\/script>\n<!-- \/ Yoast SEO plugin. -->","yoast_head_json":{"title":"Best Electric Wheelchairs Products | Foldable & Power Wheelchair Supplier","description":"Explore high-quality wheelchair products including the best electric wheelchair, lightweight foldable models, and rollator drive walkers. Competitive electric wheelchair prices and reliable direct supply. Contact us for the latest electric wheel chair for sale!","robots":{"index":"index","follow":"follow","max-snippet":"max-snippet:-1","max-image-preview":"max-image-preview:large","max-video-preview":"max-video-preview:-1"},"canonical":"httpss:\/\/www.richallmed.com\/privacy-policy\/","og_locale":"pl_PL","og_type":"article","og_title":"Best Electric Wheelchairs Products | Foldable & Power Wheelchair Supplier","og_description":"Explore high-quality wheelchair products including the best electric wheelchair, lightweight foldable models, and rollator drive walkers. Competitive electric wheelchair prices and reliable direct supply. Contact us for the latest electric wheel chair for sale!","og_url":"httpss:\/\/www.richallmed.com\/privacy-policy\/","og_site_name":"Carbon Fiber Electric Wheelchair","article_modified_time":"2025-06-18T09:49:49+00:00","twitter_card":"summary_large_image","twitter_misc":{"Est. reading time":"5 minut"},"schema":{"@context":"https:\/\/schema.org","@graph":[{"@type":"WebPage","@id":"httpss:\/\/www.richallmed.com\/privacy-policy\/","url":"httpss:\/\/www.richallmed.com\/privacy-policy\/","name":"Best Electric Wheelchairs Products | Foldable & Power Wheelchair Supplier","isPartOf":{"@id":"https:\/\/www.richallmed.com\/#website"},"datePublished":"2025-06-18T09:38:12+00:00","dateModified":"2025-06-18T09:49:49+00:00","description":"Explore high-quality wheelchair products including the best electric wheelchair, lightweight foldable models, and rollator drive walkers. Competitive electric wheelchair prices and reliable direct supply. Contact us for the latest electric wheel chair for sale!","breadcrumb":{"@id":"httpss:\/\/www.richallmed.com\/privacy-policy\/#breadcrumb"},"inLanguage":"pl-PL","potentialAction":[{"@type":"ReadAction","target":["httpss:\/\/www.richallmed.com\/privacy-policy\/"]}]},{"@type":"BreadcrumbList","@id":"httpss:\/\/www.richallmed.com\/privacy-policy\/#breadcrumb","itemListElement":[{"@type":"ListItem","position":1,"name":"Home","item":"https:\/\/www.richallmed.com\/"},{"@type":"ListItem","position":2,"name":"Privacy Policy"}]},{"@type":"WebSite","@id":"https:\/\/www.richallmed.com\/#website","url":"https:\/\/www.richallmed.com\/","name":"Carbon Fiber Electric Wheelchair","description":"Carbon Fiber Electric Wheelchair","publisher":{"@id":"https:\/\/www.richallmed.com\/#organization"},"potentialAction":[{"@type":"SearchAction","target":{"@type":"EntryPoint","urlTemplate":"https:\/\/www.richallmed.com\/?s={search_term_string}"},"query-input":{"@type":"PropertyValueSpecification","valueRequired":true,"valueName":"search_term_string"}}],"inLanguage":"pl-PL"},{"@type":"Organization","@id":"https:\/\/www.richallmed.com\/#organization","name":"Carbon Fiber Electric Wheelchair","url":"https:\/\/www.richallmed.com\/","logo":{"@type":"ImageObject","inLanguage":"pl-PL","@id":"https:\/\/www.richallmed.com\/#\/schema\/logo\/image\/","url":"https:\/\/www.richallmed.com\/wp-content\/uploads\/2025\/06\/cropped-logo.webp","contentUrl":"https:\/\/www.richallmed.com\/wp-content\/uploads\/2025\/06\/cropped-logo.webp","width":535,"height":74,"caption":"Carbon Fiber Electric Wheelchair"},"image":{"@id":"https:\/\/www.richallmed.com\/#\/schema\/logo\/image\/"}}]}},"_links":{"self":[{"href":"https:\/\/www.richallmed.com\/pl\/wp-json\/wp\/v2\/pages\/3762","targetHints":{"allow":["GET"]}}],"collection":[{"href":"https:\/\/www.richallmed.com\/pl\/wp-json\/wp\/v2\/pages"}],"about":[{"href":"https:\/\/www.richallmed.com\/pl\/wp-json\/wp\/v2\/types\/page"}],"author":[{"embeddable":true,"href":"https:\/\/www.richallmed.com\/pl\/wp-json\/wp\/v2\/users\/1"}],"replies":[{"embeddable":true,"href":"https:\/\/www.richallmed.com\/pl\/wp-json\/wp\/v2\/comments?post=3762"}],"version-history":[{"count":19,"href":"https:\/\/www.richallmed.com\/pl\/wp-json\/wp\/v2\/pages\/3762\/revisions"}],"predecessor-version":[{"id":3788,"href":"https:\/\/www.richallmed.com\/pl\/wp-json\/wp\/v2\/pages\/3762\/revisions\/3788"}],"wp:attachment":[{"href":"https:\/\/www.richallmed.com\/pl\/wp-json\/wp\/v2\/media?parent=3762"}],"curies":[{"name":"wp","href":"https:\/\/api.w.org\/{rel}","templated":true}]}}